{"id":5801,"date":"2022-03-15T14:26:26","date_gmt":"2022-03-15T12:26:26","guid":{"rendered":"https:\/\/idcolor.ee\/grazinimas\/"},"modified":"2023-07-03T14:56:45","modified_gmt":"2023-07-03T11:56:45","slug":"grazinimas","status":"publish","type":"page","link":"https:\/\/idcolor.ee\/lt\/grazinimas\/","title":{"rendered":"Gr\u0105\u017einimas"},"content":{"rendered":"<div class=\"wpb-content-wrapper\"><p>[vc_row css=&#8221;.vc_custom_1641598295106{padding-top: 60px !important;}&#8221;][vc_column]<div class=\"nasa-title clearfix hr-type-full\"><h3 class=\"nasa-heading-title\"><span class=\"nasa-title-wrap\"><span style=\"background: #ffffff; color: #24b3b0;\">Preki\u0173 ir pinig\u0173 gr\u0105\u017einimas<\/span><span class=\"nasa-title-hr\" style=\"border-color: #24b3b0;\"><\/span><\/span><\/h3><\/div>[\/vc_column][\/vc_row][vc_row css=&#8221;.vc_custom_1647248779793{padding-top: 35px !important;padding-bottom: 120px !important;}&#8221;][vc_column][vc_column_text]E. parduotuv\u0117je \u012fsigytas prekes pageidaujant galima gr\u0105\u017einti. Gr\u0105\u017einimo teis\u0117 galioja 14 kalendorini\u0173 dien\u0173 nuo preki\u0173 gavimo dienos, net jei prek\u0117s n\u0117ra nekokybi\u0161kos.<\/p>\n<p>Gr\u0105\u017einamos prek\u0117s turi b\u016bti nenaudotos ir nepa\u017eeistos. Klientas turi teis\u0119 susipa\u017einti su prek\u0117mis tokiu b\u016bdu, kaip paprastai leid\u017eiama parduotuv\u0117se, ir yra atsakingas u\u017e bet kok\u012f preki\u0173 vert\u0117s suma\u017e\u0117jim\u0105 d\u0117l jo atlikt\u0173 veiksm\u0173.<\/p>\n<p>Tuo atveju, jei klientas ty\u010dia ar d\u0117l neatsargumo sugadino ar pa\u017eeid\u0117 gr\u0105\u017einamas prekes, pardav\u0117jas turi teis\u0119 atsisakyti priimti prekes arba reikalauti atlyginti padaryt\u0105 \u017eal\u0105.<\/p>\n<p>Nor\u0117damas gr\u0105\u017einti prekes, klientas turi u\u017epildyti gr\u0105\u017einimo parai\u0161k\u0105. Gr\u0105\u017einamos prek\u0117s su atitinkama parai\u0161ka turi b\u016bti gr\u0105\u017eintos Pardav\u0117jui adresu: \u201eID Color O\u00dc\u201c, adresas: Tatari 58, Tallinn 10134, ESTONIA, e. pa\u0161to adresas: <a href=\"mailto:shop@idcolor.ee\">shop@idcolor.ee<\/a>.<\/p>\n<p>Gr\u0105\u017einam\u0173 preki\u0173 siuntimo i\u0161laidas padengia Pirk\u0117jas. Gr\u0105\u017einimo parai\u0161ka pateikiama \u010dia: [<a href=\"https:\/\/idcolor.ee\/wp-content\/uploads\/2023\/07\/IDC_WithdrawalForm.pdf\" target=\"_blank\" rel=\"noopener\">GR\u0104\u017dINIMO PARAI\u0160KA<\/a>]<\/p>\n<p>Naudodamasis preki\u0173 gr\u0105\u017einimo teise, klientas turi gr\u0105\u017einti jas pardav\u0117jui ne v\u0117liau kaip per 14 dien\u0173 nuo gr\u0105\u017einimo parai\u0161kos pateikimo.<\/p>\n<p>Jei klientas atsisako sandorio, pardav\u0117jas gr\u0105\u017eina klientui pirkimo sum\u0105 kartu su pristatymo mokes\u010diu nedelsiant, ne v\u0117liau kaip per 14 kalendorini\u0173 dien\u0173 nuo dienos, kai pardav\u0117jas gavo gr\u0105\u017einimo parai\u0161k\u0105. Pinigai gr\u0105\u017einami \u012f t\u0105 pa\u010di\u0105 banko s\u0105skait\u0105, i\u0161 kurios buvo sumok\u0117ta u\u017e pirkin\u012f.[\/vc_column_text][\/vc_column][\/vc_row]<\/p>\n<\/div>","protected":false},"excerpt":{"rendered":"<p>[vc_row css=&#8221;.vc_custom_1641598295106{padding-top: 60px !important;}&#8221;][vc_column][\/vc_column][\/vc_row][vc_row css=&#8221;.vc_custom_1647248779793{padding-top: 35px !important;padding-bottom: 120px !important;}&#8221;][vc_column][vc_column_text]E. parduotuv\u0117je \u012fsigytas prekes pageidaujant galima gr\u0105\u017einti. Gr\u0105\u017einimo teis\u0117 galioja 14 kalendorini\u0173 dien\u0173 nuo preki\u0173 gavimo dienos, net jei prek\u0117s n\u0117ra nekokybi\u0161kos. Gr\u0105\u017einamos prek\u0117s turi b\u016bti nenaudotos ir nepa\u017eeistos. Klientas turi teis\u0119 susipa\u017einti su prek\u0117mis tokiu b\u016bdu, kaip paprastai leid\u017eiama parduotuv\u0117se, ir yra atsakingas u\u017e bet kok\u012f [&hellip;]<\/p>\n","protected":false},"author":1,"featured_media":0,"parent":0,"menu_order":0,"comment_status":"closed","ping_status":"closed","template":"","meta":{"footnotes":""},"class_list":["post-5801","page","type-page","status-publish","hentry"],"yoast_head":"<!-- This site is optimized with the Yoast SEO plugin v27.4 - https:\/\/yoast.com\/product\/yoast-seo-wordpress\/ -->\n<title>Gr\u0105\u017einimas - iD Color<\/title>\n<meta name=\"robots\" content=\"index, follow, max-snippet:-1, max-image-preview:large, max-video-preview:-1\" \/>\n<link rel=\"canonical\" href=\"https:\/\/idcolor.ee\/lt\/grazinimas\/\" \/>\n<meta property=\"og:locale\" content=\"lt_LT\" \/>\n<meta property=\"og:type\" content=\"article\" \/>\n<meta property=\"og:title\" content=\"Gr\u0105\u017einimas - iD Color\" \/>\n<meta property=\"og:description\" content=\"[vc_row css=&#8221;.vc_custom_1641598295106{padding-top: 60px !important;}&#8221;][vc_column][\/vc_column][\/vc_row][vc_row css=&#8221;.vc_custom_1647248779793{padding-top: 35px !important;padding-bottom: 120px !important;}&#8221;][vc_column][vc_column_text]E. parduotuv\u0117je \u012fsigytas prekes pageidaujant galima gr\u0105\u017einti. Gr\u0105\u017einimo teis\u0117 galioja 14 kalendorini\u0173 dien\u0173 nuo preki\u0173 gavimo dienos, net jei prek\u0117s n\u0117ra nekokybi\u0161kos. Gr\u0105\u017einamos prek\u0117s turi b\u016bti nenaudotos ir nepa\u017eeistos. Klientas turi teis\u0119 susipa\u017einti su prek\u0117mis tokiu b\u016bdu, kaip paprastai leid\u017eiama parduotuv\u0117se, ir yra atsakingas u\u017e bet kok\u012f [&hellip;]\" \/>\n<meta property=\"og:url\" content=\"https:\/\/idcolor.ee\/lt\/grazinimas\/\" \/>\n<meta property=\"og:site_name\" content=\"iD Color\" \/>\n<meta property=\"article:modified_time\" content=\"2023-07-03T11:56:45+00:00\" \/>\n<meta name=\"twitter:card\" content=\"summary_large_image\" \/>\n<meta name=\"twitter:label1\" content=\"Est. reading time\" \/>\n\t<meta name=\"twitter:data1\" content=\"1 minut\u0117\" \/>\n<script type=\"application\/ld+json\" class=\"yoast-schema-graph\">{\"@context\":\"https:\\\/\\\/schema.org\",\"@graph\":[{\"@type\":\"WebPage\",\"@id\":\"https:\\\/\\\/idcolor.ee\\\/lt\\\/grazinimas\\\/\",\"url\":\"https:\\\/\\\/idcolor.ee\\\/lt\\\/grazinimas\\\/\",\"name\":\"Gr\u0105\u017einimas - iD Color\",\"isPartOf\":{\"@id\":\"https:\\\/\\\/idcolor.ee\\\/lt\\\/#website\"},\"datePublished\":\"2022-03-15T12:26:26+00:00\",\"dateModified\":\"2023-07-03T11:56:45+00:00\",\"breadcrumb\":{\"@id\":\"https:\\\/\\\/idcolor.ee\\\/lt\\\/grazinimas\\\/#breadcrumb\"},\"inLanguage\":\"lt-LT\",\"potentialAction\":[{\"@type\":\"ReadAction\",\"target\":[\"https:\\\/\\\/idcolor.ee\\\/lt\\\/grazinimas\\\/\"]}]},{\"@type\":\"BreadcrumbList\",\"@id\":\"https:\\\/\\\/idcolor.ee\\\/lt\\\/grazinimas\\\/#breadcrumb\",\"itemListElement\":[{\"@type\":\"ListItem\",\"position\":1,\"name\":\"Home\",\"item\":\"https:\\\/\\\/idcolor.ee\\\/lt\\\/namai\\\/\"},{\"@type\":\"ListItem\",\"position\":2,\"name\":\"Gr\u0105\u017einimas\"}]},{\"@type\":\"WebSite\",\"@id\":\"https:\\\/\\\/idcolor.ee\\\/lt\\\/#website\",\"url\":\"https:\\\/\\\/idcolor.ee\\\/lt\\\/\",\"name\":\"iD Color\",\"description\":\"Hair care products\",\"publisher\":{\"@id\":\"https:\\\/\\\/idcolor.ee\\\/lt\\\/#organization\"},\"potentialAction\":[{\"@type\":\"SearchAction\",\"target\":{\"@type\":\"EntryPoint\",\"urlTemplate\":\"https:\\\/\\\/idcolor.ee\\\/lt\\\/?s={search_term_string}\"},\"query-input\":{\"@type\":\"PropertyValueSpecification\",\"valueRequired\":true,\"valueName\":\"search_term_string\"}}],\"inLanguage\":\"lt-LT\"},{\"@type\":\"Organization\",\"@id\":\"https:\\\/\\\/idcolor.ee\\\/lt\\\/#organization\",\"name\":\"iD Color O\u00dc\",\"url\":\"https:\\\/\\\/idcolor.ee\\\/lt\\\/\",\"logo\":{\"@type\":\"ImageObject\",\"inLanguage\":\"lt-LT\",\"@id\":\"https:\\\/\\\/idcolor.ee\\\/lt\\\/#\\\/schema\\\/logo\\\/image\\\/\",\"url\":\"https:\\\/\\\/idcolor.ee\\\/wp-content\\\/uploads\\\/2022\\\/01\\\/IDColor_Logo_1000.png\",\"contentUrl\":\"https:\\\/\\\/idcolor.ee\\\/wp-content\\\/uploads\\\/2022\\\/01\\\/IDColor_Logo_1000.png\",\"width\":1001,\"height\":354,\"caption\":\"iD Color O\u00dc\"},\"image\":{\"@id\":\"https:\\\/\\\/idcolor.ee\\\/lt\\\/#\\\/schema\\\/logo\\\/image\\\/\"}}]}<\/script>\n<!-- \/ Yoast SEO plugin. -->","yoast_head_json":{"title":"Gr\u0105\u017einimas - iD Color","robots":{"index":"index","follow":"follow","max-snippet":"max-snippet:-1","max-image-preview":"max-image-preview:large","max-video-preview":"max-video-preview:-1"},"canonical":"https:\/\/idcolor.ee\/lt\/grazinimas\/","og_locale":"lt_LT","og_type":"article","og_title":"Gr\u0105\u017einimas - iD Color","og_description":"[vc_row css=&#8221;.vc_custom_1641598295106{padding-top: 60px !important;}&#8221;][vc_column][\/vc_column][\/vc_row][vc_row css=&#8221;.vc_custom_1647248779793{padding-top: 35px !important;padding-bottom: 120px !important;}&#8221;][vc_column][vc_column_text]E. parduotuv\u0117je \u012fsigytas prekes pageidaujant galima gr\u0105\u017einti. Gr\u0105\u017einimo teis\u0117 galioja 14 kalendorini\u0173 dien\u0173 nuo preki\u0173 gavimo dienos, net jei prek\u0117s n\u0117ra nekokybi\u0161kos. Gr\u0105\u017einamos prek\u0117s turi b\u016bti nenaudotos ir nepa\u017eeistos. Klientas turi teis\u0119 susipa\u017einti su prek\u0117mis tokiu b\u016bdu, kaip paprastai leid\u017eiama parduotuv\u0117se, ir yra atsakingas u\u017e bet kok\u012f [&hellip;]","og_url":"https:\/\/idcolor.ee\/lt\/grazinimas\/","og_site_name":"iD Color","article_modified_time":"2023-07-03T11:56:45+00:00","twitter_card":"summary_large_image","twitter_misc":{"Est. reading time":"1 minut\u0117"},"schema":{"@context":"https:\/\/schema.org","@graph":[{"@type":"WebPage","@id":"https:\/\/idcolor.ee\/lt\/grazinimas\/","url":"https:\/\/idcolor.ee\/lt\/grazinimas\/","name":"Gr\u0105\u017einimas - iD Color","isPartOf":{"@id":"https:\/\/idcolor.ee\/lt\/#website"},"datePublished":"2022-03-15T12:26:26+00:00","dateModified":"2023-07-03T11:56:45+00:00","breadcrumb":{"@id":"https:\/\/idcolor.ee\/lt\/grazinimas\/#breadcrumb"},"inLanguage":"lt-LT","potentialAction":[{"@type":"ReadAction","target":["https:\/\/idcolor.ee\/lt\/grazinimas\/"]}]},{"@type":"BreadcrumbList","@id":"https:\/\/idcolor.ee\/lt\/grazinimas\/#breadcrumb","itemListElement":[{"@type":"ListItem","position":1,"name":"Home","item":"https:\/\/idcolor.ee\/lt\/namai\/"},{"@type":"ListItem","position":2,"name":"Gr\u0105\u017einimas"}]},{"@type":"WebSite","@id":"https:\/\/idcolor.ee\/lt\/#website","url":"https:\/\/idcolor.ee\/lt\/","name":"iD Color","description":"Hair care products","publisher":{"@id":"https:\/\/idcolor.ee\/lt\/#organization"},"potentialAction":[{"@type":"SearchAction","target":{"@type":"EntryPoint","urlTemplate":"https:\/\/idcolor.ee\/lt\/?s={search_term_string}"},"query-input":{"@type":"PropertyValueSpecification","valueRequired":true,"valueName":"search_term_string"}}],"inLanguage":"lt-LT"},{"@type":"Organization","@id":"https:\/\/idcolor.ee\/lt\/#organization","name":"iD Color O\u00dc","url":"https:\/\/idcolor.ee\/lt\/","logo":{"@type":"ImageObject","inLanguage":"lt-LT","@id":"https:\/\/idcolor.ee\/lt\/#\/schema\/logo\/image\/","url":"https:\/\/idcolor.ee\/wp-content\/uploads\/2022\/01\/IDColor_Logo_1000.png","contentUrl":"https:\/\/idcolor.ee\/wp-content\/uploads\/2022\/01\/IDColor_Logo_1000.png","width":1001,"height":354,"caption":"iD Color O\u00dc"},"image":{"@id":"https:\/\/idcolor.ee\/lt\/#\/schema\/logo\/image\/"}}]}},"_links":{"self":[{"href":"https:\/\/idcolor.ee\/lt\/wp-json\/wp\/v2\/pages\/5801","targetHints":{"allow":["GET"]}}],"collection":[{"href":"https:\/\/idcolor.ee\/lt\/wp-json\/wp\/v2\/pages"}],"about":[{"href":"https:\/\/idcolor.ee\/lt\/wp-json\/wp\/v2\/types\/page"}],"author":[{"embeddable":true,"href":"https:\/\/idcolor.ee\/lt\/wp-json\/wp\/v2\/users\/1"}],"replies":[{"embeddable":true,"href":"https:\/\/idcolor.ee\/lt\/wp-json\/wp\/v2\/comments?post=5801"}],"version-history":[{"count":7,"href":"https:\/\/idcolor.ee\/lt\/wp-json\/wp\/v2\/pages\/5801\/revisions"}],"predecessor-version":[{"id":6061,"href":"https:\/\/idcolor.ee\/lt\/wp-json\/wp\/v2\/pages\/5801\/revisions\/6061"}],"wp:attachment":[{"href":"https:\/\/idcolor.ee\/lt\/wp-json\/wp\/v2\/media?parent=5801"}],"curies":[{"name":"wp","href":"https:\/\/api.w.org\/{rel}","templated":true}]}}