{"id":6168,"date":"2022-03-15T14:26:26","date_gmt":"2022-03-15T12:26:26","guid":{"rendered":"https:\/\/idcolor.ee\/atmaksa-un-atgriesana\/"},"modified":"2023-07-31T14:06:26","modified_gmt":"2023-07-31T11:06:26","slug":"atmaksa-un-atgriesana","status":"publish","type":"page","link":"https:\/\/idcolor.ee\/lv\/atmaksa-un-atgriesana\/","title":{"rendered":"Atmaksa un atgrie\u0161ana"},"content":{"rendered":"<div class=\"wpb-content-wrapper\"><p>[vc_row css=&#8221;.vc_custom_1641598295106{padding-top: 60px !important;}&#8221;][vc_column]<div class=\"nasa-title clearfix hr-type-full\"><h3 class=\"nasa-heading-title\"><span class=\"nasa-title-wrap\"><span style=\"background: #ffffff; color: #24b3b0;\">Preces atgrie\u0161ana un atmaksa<\/span><span class=\"nasa-title-hr\" style=\"border-color: #24b3b0;\"><\/span><\/span><\/h3><\/div>[\/vc_column][\/vc_row][vc_row css=&#8221;.vc_custom_1647248779793{padding-top: 35px !important;padding-bottom: 120px !important;}&#8221;][vc_column][vc_column_text]Ja v\u0113las, e-veikal\u0101 ieg\u0101d\u0101t\u0101s preces var nodot atpaka\u013c. Atgrie\u0161anas ties\u012bbas ir sp\u0113k\u0101 14 kalend\u0101r\u0101s dienas no preces sa\u0146em\u0161anas, ar\u012b gad\u012bjum\u0101, ja t\u0101 nav prece ar tr\u016bkumu.<\/p>\n<p>Atgrie\u017eamajai precei j\u0101b\u016bt nelietotai un neboj\u0101tai. Klientam ir ties\u012bbas iepaz\u012bties ar preci veid\u0101, k\u0101 tas parasti ir at\u013cauts veikal\u0101, k\u0101 ar\u012b klients atbild par preces v\u0113rt\u012bbas samazin\u0101\u0161anos iepaz\u012b\u0161an\u0101s ar preci laik\u0101.<\/p>\n<p>Ja klients ir atgrie\u017eamo preci saboj\u0101jis t\u012b\u0161\u0101m vai ner\u016bp\u012bbas d\u0113\u013c, p\u0101rdev\u0113jam ir ties\u012bbas atteikties no preces pie\u0146em\u0161anas vai piepras\u012bt rad\u012bt\u0101 kait\u0113juma atl\u012bdzin\u0101\u0161anu.<\/p>\n<p>Lai nodotu preci atpaka\u013c, klientam j\u0101aizpilda atgrie\u0161anas pieteikums. Atgrie\u017eam\u0101 prece kop\u0101 ar atbilsto\u0161o pieteikumu ir j\u0101atgrie\u017e P\u0101rdev\u0113jam adres\u0113: ID Color O\u00dc, adrese Tatari 58, Tallinn 10134, ESTONIA., e-pasta adrese <a href=\"mailto:shop@idcolor.ee\">shop@idcolor.ee<\/a><\/p>\n<p>Atgrie\u017eam\u0101s preces s\u016bt\u012b\u0161anas izdevumus apmaks\u0101 pirc\u0113js. Atk\u0101p\u0161an\u0101s pieteikuma forma ir atrodama \u0161eit: [<a href=\"https:\/\/idcolor.ee\/wp-content\/uploads\/2023\/07\/IDC_WithdrawalForm.pdf\" target=\"_blank\" rel=\"noopener\">ATK\u0100P\u0160AN\u0100S PIETEIKUMS<\/a>]<\/p>\n<p>Klientam ir pien\u0101kums, izmantojot atk\u0101p\u0161an\u0101s ties\u012bbas, atgriezt preci p\u0101rdev\u0113jam, v\u0113l\u0101kais, 14 dienu laik\u0101 p\u0113c atk\u0101p\u0161an\u0101s iesnieguma iesnieg\u0161anas.<\/p>\n<p>Ja klients ir atk\u0101pies no dar\u012bjuma, p\u0101rdev\u0113js atgrie\u017e klientam pirkuma summu kop\u0101 ar pieg\u0101des maksu nekav\u0113joties, ta\u010du ne v\u0113l\u0101k k\u0101 14 kalend\u0101ro dienu laik\u0101 p\u0113c atk\u0101p\u0161anas pieteikuma non\u0101k\u0161anas pie p\u0101rdev\u0113ja. Atmaksa tiek veikta uz to pa\u0161u nor\u0113\u0137inu kontu, no kura tika veikta samaksa par pirkumu.[\/vc_column_text][\/vc_column][\/vc_row]<\/p>\n<\/div>","protected":false},"excerpt":{"rendered":"<p>[vc_row css=&#8221;.vc_custom_1641598295106{padding-top: 60px !important;}&#8221;][vc_column][\/vc_column][\/vc_row][vc_row css=&#8221;.vc_custom_1647248779793{padding-top: 35px !important;padding-bottom: 120px !important;}&#8221;][vc_column][vc_column_text]Ja v\u0113las, e-veikal\u0101 ieg\u0101d\u0101t\u0101s preces var nodot atpaka\u013c. Atgrie\u0161anas ties\u012bbas ir sp\u0113k\u0101 14 kalend\u0101r\u0101s dienas no preces sa\u0146em\u0161anas, ar\u012b gad\u012bjum\u0101, ja t\u0101 nav prece ar tr\u016bkumu. Atgrie\u017eamajai precei j\u0101b\u016bt nelietotai un neboj\u0101tai. Klientam ir ties\u012bbas iepaz\u012bties ar preci veid\u0101, k\u0101 tas parasti ir at\u013cauts veikal\u0101, k\u0101 ar\u012b [&hellip;]<\/p>\n","protected":false},"author":1,"featured_media":0,"parent":0,"menu_order":0,"comment_status":"closed","ping_status":"closed","template":"","meta":{"footnotes":""},"class_list":["post-6168","page","type-page","status-publish","hentry"],"yoast_head":"<!-- This site is optimized with the Yoast SEO plugin v27.4 - https:\/\/yoast.com\/product\/yoast-seo-wordpress\/ -->\n<title>Atmaksa un atgrie\u0161ana - iD Color<\/title>\n<meta name=\"robots\" content=\"index, follow, max-snippet:-1, max-image-preview:large, max-video-preview:-1\" \/>\n<link rel=\"canonical\" href=\"https:\/\/idcolor.ee\/lv\/atmaksa-un-atgriesana\/\" \/>\n<meta property=\"og:locale\" content=\"lv_LV\" \/>\n<meta property=\"og:type\" content=\"article\" \/>\n<meta property=\"og:title\" content=\"Atmaksa un atgrie\u0161ana - iD Color\" \/>\n<meta property=\"og:description\" content=\"[vc_row css=&#8221;.vc_custom_1641598295106{padding-top: 60px !important;}&#8221;][vc_column][\/vc_column][\/vc_row][vc_row css=&#8221;.vc_custom_1647248779793{padding-top: 35px !important;padding-bottom: 120px !important;}&#8221;][vc_column][vc_column_text]Ja v\u0113las, e-veikal\u0101 ieg\u0101d\u0101t\u0101s preces var nodot atpaka\u013c. Atgrie\u0161anas ties\u012bbas ir sp\u0113k\u0101 14 kalend\u0101r\u0101s dienas no preces sa\u0146em\u0161anas, ar\u012b gad\u012bjum\u0101, ja t\u0101 nav prece ar tr\u016bkumu. Atgrie\u017eamajai precei j\u0101b\u016bt nelietotai un neboj\u0101tai. Klientam ir ties\u012bbas iepaz\u012bties ar preci veid\u0101, k\u0101 tas parasti ir at\u013cauts veikal\u0101, k\u0101 ar\u012b [&hellip;]\" \/>\n<meta property=\"og:url\" content=\"https:\/\/idcolor.ee\/lv\/atmaksa-un-atgriesana\/\" \/>\n<meta property=\"og:site_name\" content=\"iD Color\" \/>\n<meta property=\"article:modified_time\" content=\"2023-07-31T11:06:26+00:00\" \/>\n<meta name=\"twitter:card\" content=\"summary_large_image\" \/>\n<meta name=\"twitter:label1\" content=\"Est. reading time\" \/>\n\t<meta name=\"twitter:data1\" content=\"2 minutes\" \/>\n<script type=\"application\/ld+json\" class=\"yoast-schema-graph\">{\"@context\":\"https:\\\/\\\/schema.org\",\"@graph\":[{\"@type\":\"WebPage\",\"@id\":\"https:\\\/\\\/idcolor.ee\\\/lv\\\/atmaksa-un-atgriesana\\\/\",\"url\":\"https:\\\/\\\/idcolor.ee\\\/lv\\\/atmaksa-un-atgriesana\\\/\",\"name\":\"Atmaksa un atgrie\u0161ana - iD Color\",\"isPartOf\":{\"@id\":\"https:\\\/\\\/idcolor.ee\\\/lv\\\/#website\"},\"datePublished\":\"2022-03-15T12:26:26+00:00\",\"dateModified\":\"2023-07-31T11:06:26+00:00\",\"breadcrumb\":{\"@id\":\"https:\\\/\\\/idcolor.ee\\\/lv\\\/atmaksa-un-atgriesana\\\/#breadcrumb\"},\"inLanguage\":\"lv-LV\",\"potentialAction\":[{\"@type\":\"ReadAction\",\"target\":[\"https:\\\/\\\/idcolor.ee\\\/lv\\\/atmaksa-un-atgriesana\\\/\"]}]},{\"@type\":\"BreadcrumbList\",\"@id\":\"https:\\\/\\\/idcolor.ee\\\/lv\\\/atmaksa-un-atgriesana\\\/#breadcrumb\",\"itemListElement\":[{\"@type\":\"ListItem\",\"position\":1,\"name\":\"Home\",\"item\":\"https:\\\/\\\/idcolor.ee\\\/lv\\\/majas-lapa\\\/\"},{\"@type\":\"ListItem\",\"position\":2,\"name\":\"Atmaksa un atgrie\u0161ana\"}]},{\"@type\":\"WebSite\",\"@id\":\"https:\\\/\\\/idcolor.ee\\\/lv\\\/#website\",\"url\":\"https:\\\/\\\/idcolor.ee\\\/lv\\\/\",\"name\":\"iD Color\",\"description\":\"Hair care products\",\"publisher\":{\"@id\":\"https:\\\/\\\/idcolor.ee\\\/lv\\\/#organization\"},\"potentialAction\":[{\"@type\":\"SearchAction\",\"target\":{\"@type\":\"EntryPoint\",\"urlTemplate\":\"https:\\\/\\\/idcolor.ee\\\/lv\\\/?s={search_term_string}\"},\"query-input\":{\"@type\":\"PropertyValueSpecification\",\"valueRequired\":true,\"valueName\":\"search_term_string\"}}],\"inLanguage\":\"lv-LV\"},{\"@type\":\"Organization\",\"@id\":\"https:\\\/\\\/idcolor.ee\\\/lv\\\/#organization\",\"name\":\"iD Color O\u00dc\",\"url\":\"https:\\\/\\\/idcolor.ee\\\/lv\\\/\",\"logo\":{\"@type\":\"ImageObject\",\"inLanguage\":\"lv-LV\",\"@id\":\"https:\\\/\\\/idcolor.ee\\\/lv\\\/#\\\/schema\\\/logo\\\/image\\\/\",\"url\":\"https:\\\/\\\/idcolor.ee\\\/wp-content\\\/uploads\\\/2022\\\/01\\\/IDColor_Logo_1000.png\",\"contentUrl\":\"https:\\\/\\\/idcolor.ee\\\/wp-content\\\/uploads\\\/2022\\\/01\\\/IDColor_Logo_1000.png\",\"width\":1001,\"height\":354,\"caption\":\"iD Color O\u00dc\"},\"image\":{\"@id\":\"https:\\\/\\\/idcolor.ee\\\/lv\\\/#\\\/schema\\\/logo\\\/image\\\/\"}}]}<\/script>\n<!-- \/ Yoast SEO plugin. -->","yoast_head_json":{"title":"Atmaksa un atgrie\u0161ana - iD Color","robots":{"index":"index","follow":"follow","max-snippet":"max-snippet:-1","max-image-preview":"max-image-preview:large","max-video-preview":"max-video-preview:-1"},"canonical":"https:\/\/idcolor.ee\/lv\/atmaksa-un-atgriesana\/","og_locale":"lv_LV","og_type":"article","og_title":"Atmaksa un atgrie\u0161ana - iD Color","og_description":"[vc_row css=&#8221;.vc_custom_1641598295106{padding-top: 60px !important;}&#8221;][vc_column][\/vc_column][\/vc_row][vc_row css=&#8221;.vc_custom_1647248779793{padding-top: 35px !important;padding-bottom: 120px !important;}&#8221;][vc_column][vc_column_text]Ja v\u0113las, e-veikal\u0101 ieg\u0101d\u0101t\u0101s preces var nodot atpaka\u013c. Atgrie\u0161anas ties\u012bbas ir sp\u0113k\u0101 14 kalend\u0101r\u0101s dienas no preces sa\u0146em\u0161anas, ar\u012b gad\u012bjum\u0101, ja t\u0101 nav prece ar tr\u016bkumu. Atgrie\u017eamajai precei j\u0101b\u016bt nelietotai un neboj\u0101tai. Klientam ir ties\u012bbas iepaz\u012bties ar preci veid\u0101, k\u0101 tas parasti ir at\u013cauts veikal\u0101, k\u0101 ar\u012b [&hellip;]","og_url":"https:\/\/idcolor.ee\/lv\/atmaksa-un-atgriesana\/","og_site_name":"iD Color","article_modified_time":"2023-07-31T11:06:26+00:00","twitter_card":"summary_large_image","twitter_misc":{"Est. reading time":"2 minutes"},"schema":{"@context":"https:\/\/schema.org","@graph":[{"@type":"WebPage","@id":"https:\/\/idcolor.ee\/lv\/atmaksa-un-atgriesana\/","url":"https:\/\/idcolor.ee\/lv\/atmaksa-un-atgriesana\/","name":"Atmaksa un atgrie\u0161ana - iD Color","isPartOf":{"@id":"https:\/\/idcolor.ee\/lv\/#website"},"datePublished":"2022-03-15T12:26:26+00:00","dateModified":"2023-07-31T11:06:26+00:00","breadcrumb":{"@id":"https:\/\/idcolor.ee\/lv\/atmaksa-un-atgriesana\/#breadcrumb"},"inLanguage":"lv-LV","potentialAction":[{"@type":"ReadAction","target":["https:\/\/idcolor.ee\/lv\/atmaksa-un-atgriesana\/"]}]},{"@type":"BreadcrumbList","@id":"https:\/\/idcolor.ee\/lv\/atmaksa-un-atgriesana\/#breadcrumb","itemListElement":[{"@type":"ListItem","position":1,"name":"Home","item":"https:\/\/idcolor.ee\/lv\/majas-lapa\/"},{"@type":"ListItem","position":2,"name":"Atmaksa un atgrie\u0161ana"}]},{"@type":"WebSite","@id":"https:\/\/idcolor.ee\/lv\/#website","url":"https:\/\/idcolor.ee\/lv\/","name":"iD Color","description":"Hair care products","publisher":{"@id":"https:\/\/idcolor.ee\/lv\/#organization"},"potentialAction":[{"@type":"SearchAction","target":{"@type":"EntryPoint","urlTemplate":"https:\/\/idcolor.ee\/lv\/?s={search_term_string}"},"query-input":{"@type":"PropertyValueSpecification","valueRequired":true,"valueName":"search_term_string"}}],"inLanguage":"lv-LV"},{"@type":"Organization","@id":"https:\/\/idcolor.ee\/lv\/#organization","name":"iD Color O\u00dc","url":"https:\/\/idcolor.ee\/lv\/","logo":{"@type":"ImageObject","inLanguage":"lv-LV","@id":"https:\/\/idcolor.ee\/lv\/#\/schema\/logo\/image\/","url":"https:\/\/idcolor.ee\/wp-content\/uploads\/2022\/01\/IDColor_Logo_1000.png","contentUrl":"https:\/\/idcolor.ee\/wp-content\/uploads\/2022\/01\/IDColor_Logo_1000.png","width":1001,"height":354,"caption":"iD Color O\u00dc"},"image":{"@id":"https:\/\/idcolor.ee\/lv\/#\/schema\/logo\/image\/"}}]}},"_links":{"self":[{"href":"https:\/\/idcolor.ee\/lv\/wp-json\/wp\/v2\/pages\/6168","targetHints":{"allow":["GET"]}}],"collection":[{"href":"https:\/\/idcolor.ee\/lv\/wp-json\/wp\/v2\/pages"}],"about":[{"href":"https:\/\/idcolor.ee\/lv\/wp-json\/wp\/v2\/types\/page"}],"author":[{"embeddable":true,"href":"https:\/\/idcolor.ee\/lv\/wp-json\/wp\/v2\/users\/1"}],"replies":[{"embeddable":true,"href":"https:\/\/idcolor.ee\/lv\/wp-json\/wp\/v2\/comments?post=6168"}],"version-history":[{"count":2,"href":"https:\/\/idcolor.ee\/lv\/wp-json\/wp\/v2\/pages\/6168\/revisions"}],"predecessor-version":[{"id":6170,"href":"https:\/\/idcolor.ee\/lv\/wp-json\/wp\/v2\/pages\/6168\/revisions\/6170"}],"wp:attachment":[{"href":"https:\/\/idcolor.ee\/lv\/wp-json\/wp\/v2\/media?parent=6168"}],"curies":[{"name":"wp","href":"https:\/\/api.w.org\/{rel}","templated":true}]}}