{"id":6107,"date":"2023-04-27T11:30:21","date_gmt":"2023-04-27T08:30:21","guid":{"rendered":"https:\/\/idcolor.ee\/product\/myhero-kolagena-aerosols\/"},"modified":"2023-07-27T16:28:30","modified_gmt":"2023-07-27T13:28:30","slug":"myhero-kolagena-aerosols","status":"publish","type":"product","link":"https:\/\/idcolor.ee\/lv\/produkts\/myhero-kolagena-aerosols\/","title":{"rendered":"#MyHero kolag\u0113na aerosols"},"content":{"rendered":"<div class=\"wpb-content-wrapper\"><p>[vc_row][vc_column][vc_row_inner][vc_column_inner width=&#8221;1\/4&#8243; css=&#8221;.vc_custom_1643100113825{padding-right: 20% !important;}&#8221; offset=&#8221;vc_hidden-sm vc_hidden-xs&#8221;][vc_single_image image=&#8221;4771&#8243; img_size=&#8221;full&#8221;][vc_empty_space height=&#8221;20px&#8221;][\/vc_column_inner][vc_column_inner width=&#8221;3\/4&#8243; offset=&#8221;vc_hidden-lg vc_hidden-md&#8221; css=&#8221;.vc_custom_1643102057386{padding-right: 50% !important;}&#8221;][vc_single_image image=&#8221;4771&#8243; img_size=&#8221;full&#8221;][vc_empty_space height=&#8221;20px&#8221;][\/vc_column_inner][\/vc_row_inner]<div class=\"nasa-title clearfix nasa-t hr-type-none\"><h4 class=\"nasa-heading-title\"><span class=\"nasa-title-wrap\"><span style=\"color: #5a2169;\">#MyHero kolag\u0113na aerosols | 177 ml<\/span><\/span><\/h4><p class=\"nasa-title-desc\" style=\"color: #5a2169;\">TERM\u0100L\u0100 AIZSARDZ\u012aBA \u2022 UZLABO MIRDZUMU \u2022 NOV\u0112R\u0160 MATU SAVEL\u0160ANOS<\/p><\/div>[vc_empty_space height=&#8221;20px&#8221;][vc_separator][vc_empty_space height=&#8221;20px&#8221;][vc_row_inner][vc_column_inner width=&#8221;3\/4&#8243;][vc_column_text]Viegls, matos atst\u0101jams kondicionieris, kas paredz\u0113ts matu pasarg\u0101\u0161anai no meh\u0101niska boj\u0101juma un aizsardz\u012bbas pret karstumu. Ide\u0101li piem\u0113rots visiem matu tipiem.<\/p>\n<p><strong>Produkta apraksts:<\/strong><\/p>\n<ul>\n<li>Pal\u012bdz nov\u0113rst \u0137emm\u0113\u0161anas un matu ieveido\u0161anas rad\u012bto boj\u0101jumu.<\/li>\n<li>Pal\u012bdz viegl\u0101k iz\u0137emm\u0113t l\u012bdz pat 70%, t\u0101d\u0113\u013c nov\u0113r\u0161 matu savel\u0161anos.<\/li>\n<li>Aizsarg\u0101 matus no karstuma \u2014 l\u012bdz pat 232\u00b0C temperat\u016brai.<\/li>\n<li>Viegls, matos atst\u0101jams kondicionieris, kas ir ide\u0101li piem\u0113rots visiem matu tipiem.<\/li>\n<li>Formula satur hidroliz\u0113tu kolag\u0113nu, Keramatch V, alveju un j\u016brasz\u0101\u013cu ekstraktu.<\/li>\n<\/ul>\n<p>[\/vc_column_text][vc_empty_space height=&#8221;25px&#8221;][vc_separator align=&#8221;align_left&#8221; el_width=&#8221;10&#8243;][vc_empty_space height=&#8221;20px&#8221;][vc_column_text]<strong>Lieto\u0161ana:<\/strong><\/p>\n<div class=\"wpb_text_column wpb_content_element\">Izsmidziniet uz t\u012briem, dviel\u012b nosusin\u0101tiem matiem. R\u016bp\u012bgi iz\u0137emm\u0113jiet, lai tos b\u016btu viegl\u0101k \u0137emm\u0113t, tiktu nodro\u0161in\u0101ta aizsardz\u012bba pret karstumu un mati b\u016btu mirdzo\u0161i. Veidojiet k\u0101 parasti.<\/div>\n<p>[\/vc_column_text][\/vc_column_inner][vc_column_inner width=&#8221;1\/4&#8243; offset=&#8221;vc_hidden-sm vc_hidden-xs&#8221;][vc_single_image image=&#8221;5953&#8243; img_size=&#8221;full&#8221;][\/vc_column_inner][\/vc_row_inner][vc_empty_space height=&#8221;35px&#8221;][vc_separator][vc_empty_space height=&#8221;20px&#8221;][vc_column_text]<strong>Lieto\u0161anas piesardz\u012bbas pas\u0101kumi:<\/strong><\/p>\n<div class=\"wpb_text_column wpb_content_element\">\n<p>Izvairieties no saskares ar ac\u012bm. Tikai \u0101r\u012bgai lieto\u0161anai. Nev\u0113lamas reakcijas gad\u012bjum\u0101 p\u0101rtrauciet lieto\u0161anu un nekav\u0113joties sazinieties ar \u0101rstu. Glab\u0101jiet b\u0113rniem nepieejam\u0101 viet\u0101.<\/p>\n<\/div>\n<p>[\/vc_column_text][vc_empty_space height=&#8221;25px&#8221;][vc_separator][vc_empty_space height=&#8221;15px&#8221;]<div class=\"nasa-title clearfix nasa-t hr-type-none\"><h4 class=\"nasa-heading-title\"><span class=\"nasa-title-wrap\"><span style=\"color: #5a2169;\">Iesaka frizieri<\/span><\/span><\/h4><\/div>            <div class=\"nasa-sc products woocommerce\">\r\n                <div class=\"row nasa-row-child-clear-none mobile-padding-left-5 mobile-padding-right-5\"><div class=\"product-warp-item columns large-3 medium-4 small-6 nasa-modern-6\">\r\n<div class=\"product type-product post-6106 status-publish first instock product_cat-mydentity-lv product_cat-kondicionieris-lv has-post-thumbnail taxable shipping-taxable purchasable product-type-simple product-item grid\">\r\n\r\n    \r\n    <div class=\"product-img-wrap\">\r\n        <div class=\"nasa-sc-pdeal-countdown hidden-tag\"><\/div><div class=\"nasa-product-grid nasa-group-btns nasa-btns-product-item\"><a href=\"\/lv\/wp-json\/wp\/v2\/product\/6107?add-to-cart=6106\" aria-describedby=\"woocommerce_loop_add_to_cart_link_describedby_6106\" data-quantity=\"1\" class=\"button product_type_simple add_to_cart_button ajax_add_to_cart add-to-cart-grid btn-link nasa-tip\" data-product_id=\"6106\" data-product_sku=\"14926411437\" aria-label=\"Add to cart: &ldquo;#MyHero X2 kolag\u0113na boj\u0101jumu nov\u0113r\u0161ana&rdquo;\" rel=\"nofollow\" data-success_message=\"&ldquo;#MyHero X2 kolag\u0113na boj\u0101jumu nov\u0113r\u0161ana&rdquo; has been added to your cart\" title=\"Pievienot grozam\" role=\"button\"><span class=\"add_to_cart_text\">Pievienot grozam<\/span><span class=\"nasa-icon cart-icon nasa-flex jc\"><svg width=\"20\" height=\"20\" viewBox=\"0 0 32 32\" fill=\"currentColor\"><path d=\"M3.205 3.205v25.59h25.59v-25.59h-25.59zM27.729 27.729h-23.457v-23.457h23.457v23.457z\" \/><path d=\"M9.068 13.334c0 3.828 3.104 6.931 6.931 6.931s6.93-3.102 6.93-6.931v-3.732h1.067v-1.066h-3.199v1.066h1.065v3.732c0 3.234-2.631 5.864-5.864 5.864-3.234 0-5.865-2.631-5.865-5.864v-3.732h1.067v-1.066h-3.199v1.066h1.065v3.732z\"\/><\/svg><\/span><\/a>\r\n            <a href=\"javascript:void(0);\" class=\"btn-wishlist btn-link wishlist-icon btn-nasa-wishlist nasa-tip nasa-tip-left\" data-prod=\"6106\" data-prod_type=\"simple\" data-icon-text=\"Add to Wishlist\" data-added=\"Added to Wishlist\" title=\"V\u0113lmju saraksts\" rel=\"nofollow\">\r\n                <svg class=\"nasa-icon ns-stroke\" width=\"20\" height=\"20\" viewBox=\"0 0 32 32\">\r\n                <path d=\"M21.886 5.115c3.521 0 6.376 2.855 6.376 6.376 0 1.809-0.754 3.439-1.964 4.6l-10.297 10.349-10.484-10.536c-1.1-1.146-1.778-2.699-1.778-4.413 0-3.522 2.855-6.376 6.376-6.376 2.652 0 4.925 1.62 5.886 3.924 0.961-2.304 3.234-3.924 5.886-3.924zM21.886 4.049c-2.345 0-4.499 1.089-5.886 2.884-1.386-1.795-3.54-2.884-5.886-2.884-4.104 0-7.442 3.339-7.442 7.442 0 1.928 0.737 3.758 2.075 5.152l11.253 11.309 11.053-11.108c1.46-1.402 2.275-3.308 2.275-5.352 0-4.104-3.339-7.442-7.442-7.442v0z\" fill=\"currentColor\" \/>\r\n            <\/svg>                <svg  class=\"nasa-icon ns-filled\" width=\"20\" height=\"20\" viewBox=\"0 0 28 32\">\r\n                <path d=\"M19.886 4.049c-2.345 0-4.499 1.089-5.886 2.884-1.386-1.795-3.54-2.884-5.886-2.884-4.104 0-7.442 3.339-7.442 7.442 0 1.928 0.737 3.758 2.075 5.152l11.253 11.309 11.053-11.108c1.46-1.402 2.275-3.308 2.275-5.352 0-4.104-3.339-7.442-7.442-7.442z\" fill=\"currentColor\" \/>\r\n            <\/svg>            <\/a>\r\n\r\n            <a href=\"javascript:void(0);\" class=\"quick-view btn-link quick-view-icon nasa-tip nasa-tip-left\" data-prod=\"6106\" data-icon-text=\"\u0100trs p\u0101rskats\" title=\"\u0100trs p\u0101rskats\" data-product_type=\"simple\" data-href=\"https:\/\/idcolor.ee\/lv\/produkts\/myhero-x2-kolagena-bojajumu-noversana\/\" rel=\"nofollow\"><svg  class=\"nasa-icon\" width=\"20\" height=\"36\" viewBox=\"0 0 32 32\" fill=\"currentColor\"><path d=\"M16 6.404c-5.847 0-10.404 3.66-15.994 9.593 4.816 5.073 8.857 9.6 15.994 9.6s12.382-5.73 15.994-9.492c-3.697-4.407-8.943-9.7-15.994-9.7zM16 24.53c-6.336 0-10.16-3.929-14.524-8.532 5.192-5.414 9.32-8.527 14.524-8.527 6.161 0 10.975 4.443 14.558 8.591-3.523 3.674-8.293 8.469-14.558 8.469z\" \/><path d=\"M16 9.603c-3.528 0-6.398 2.87-6.398 6.397s2.87 6.397 6.398 6.397 6.398-2.87 6.398-6.397-2.87-6.397-6.398-6.397zM16 21.331c-2.939 0-5.331-2.391-5.331-5.331s2.392-5.331 5.331-5.331 5.331 2.391 5.331 5.331c0 2.939-2.392 5.331-5.331 5.331z\" \/><path d=\"M16 12.268c-2.058 0-3.732 1.674-3.732 3.732s1.674 3.732 3.732 3.732c2.058 0 3.732-1.674 3.732-3.732s-1.674-3.732-3.732-3.732zM16 18.666c-1.47 0-2.666-1.196-2.666-2.666s1.196-2.666 2.666-2.666 2.666 1.196 2.666 2.666c0 1.47-1.196 2.666-2.666 2.666z\" \/><\/svg><\/a><\/div>\r\n\r\n<a class=\"product-img nasa-no-effect\" href=\"https:\/\/idcolor.ee\/lv\/produkts\/myhero-x2-kolagena-bojajumu-noversana\/\" title=\"#MyHero X2 kolag\u0113na boj\u0101jumu nov\u0113r\u0161ana\">\r\n    <div class=\"main-img\">\r\n        <img loading=\"lazy\" decoding=\"async\" width=\"450\" height=\"450\" src=\"https:\/\/idcolor.ee\/wp-content\/uploads\/2023\/04\/MyHero_X2-450x450.jpg\" class=\"attachment-woocommerce_thumbnail size-woocommerce_thumbnail\" alt=\"#MyHero X2 kolag\u0113na boj\u0101jumu nov\u0113r\u0161ana\" srcset=\"https:\/\/idcolor.ee\/wp-content\/uploads\/2023\/04\/MyHero_X2-450x450.jpg 450w, https:\/\/idcolor.ee\/wp-content\/uploads\/2023\/04\/MyHero_X2-300x300.jpg 300w, https:\/\/idcolor.ee\/wp-content\/uploads\/2023\/04\/MyHero_X2-595x595.jpg 595w, https:\/\/idcolor.ee\/wp-content\/uploads\/2023\/04\/MyHero_X2-150x150.jpg 150w, https:\/\/idcolor.ee\/wp-content\/uploads\/2023\/04\/MyHero_X2-768x768.jpg 768w, https:\/\/idcolor.ee\/wp-content\/uploads\/2023\/04\/MyHero_X2-380x380.jpg 380w, https:\/\/idcolor.ee\/wp-content\/uploads\/2023\/04\/MyHero_X2-100x100.jpg 100w, https:\/\/idcolor.ee\/wp-content\/uploads\/2023\/04\/MyHero_X2.jpg 1080w\" sizes=\"auto, (max-width: 450px) 100vw, 450px\" \/>    <\/div>\r\n\r\n    <\/a>\r\n    <\/div>\r\n\r\n    <div class=\"product-info-wrap info\">\r\n        \r\n        <a class=\"name nasa-bold woocommerce-loop-product__title\" href=\"https:\/\/idcolor.ee\/lv\/produkts\/myhero-x2-kolagena-bojajumu-noversana\/\" title=\"#MyHero X2 kolag\u0113na boj\u0101jumu nov\u0113r\u0161ana\">\r\n            #MyHero X2 kolag\u0113na boj\u0101jumu nov\u0113r\u0161ana        <\/a>\r\n                \n\t<span class=\"price\"><span class=\"woocommerce-Price-amount amount\"><bdi>76,00&nbsp;<span class=\"woocommerce-Price-currencySymbol\">&euro;<\/span><\/bdi><\/span><\/span>\n    <\/div>\r\n\r\n    \r\n<\/div>\r\n\r\n<\/div><\/div>            <\/div>\r\n            [\/vc_column][\/vc_row]<\/p>\n<\/div>","protected":false},"excerpt":{"rendered":"<h5><strong>177 ml<br \/>\n<\/strong><\/h5>\n<p>Viegls, matos atst\u0101jams kondicionieris, kas paredz\u0113ts matu pasarg\u0101\u0161anai no meh\u0101niska boj\u0101juma un aizsardz\u012bbas pret karstumu. Ide\u0101li piem\u0113rots visiem matu tipiem.<\/p>\n","protected":false},"featured_media":6010,"template":"","meta":[],"product_brand":[],"product_cat":[235,293],"product_tag":[],"class_list":{"0":"post-6107","1":"product","2":"type-product","3":"status-publish","4":"has-post-thumbnail","6":"product_cat-mydentity-lv","7":"product_cat-kondicionieris-lv","9":"","10":"instock","11":"taxable","12":"shipping-taxable","13":"purchasable","14":"product-type-simple"},"yoast_head":"<!-- This site is optimized with the Yoast SEO plugin v27.4 - https:\/\/yoast.com\/product\/yoast-seo-wordpress\/ -->\n<title>#MyHero kolag\u0113na aerosols - iD Color<\/title>\n<meta name=\"description\" content=\"Viegls, matos atst\u0101jams kondicionieris, kas paredz\u0113ts matu pasarg\u0101\u0161anai no meh\u0101niska boj\u0101juma un aizsardz\u012bbas pret karstumu. Ide\u0101li piem\u0113rots visiem matu tipiem.\" \/>\n<meta name=\"robots\" content=\"index, follow, max-snippet:-1, max-image-preview:large, max-video-preview:-1\" \/>\n<link rel=\"canonical\" href=\"https:\/\/idcolor.ee\/lv\/produkts\/myhero-kolagena-aerosols\/\" \/>\n<meta property=\"og:locale\" content=\"lv_LV\" \/>\n<meta property=\"og:type\" content=\"article\" \/>\n<meta property=\"og:title\" content=\"#MyHero kolag\u0113na aerosols - iD Color\" \/>\n<meta property=\"og:description\" content=\"Viegls, matos atst\u0101jams kondicionieris, kas paredz\u0113ts matu pasarg\u0101\u0161anai no meh\u0101niska boj\u0101juma un aizsardz\u012bbas pret karstumu. Ide\u0101li piem\u0113rots visiem matu tipiem.\" \/>\n<meta property=\"og:url\" content=\"https:\/\/idcolor.ee\/lv\/produkts\/myhero-kolagena-aerosols\/\" \/>\n<meta property=\"og:site_name\" content=\"iD Color\" \/>\n<meta property=\"article:modified_time\" content=\"2023-07-27T13:28:30+00:00\" \/>\n<meta property=\"og:image\" content=\"https:\/\/idcolor.ee\/wp-content\/uploads\/2023\/04\/MyHero_CollagenShield_Spray.jpg\" \/>\n\t<meta property=\"og:image:width\" content=\"1080\" \/>\n\t<meta property=\"og:image:height\" content=\"1080\" \/>\n\t<meta property=\"og:image:type\" content=\"image\/jpeg\" \/>\n<meta name=\"twitter:card\" content=\"summary_large_image\" \/>\n<meta name=\"twitter:label1\" content=\"Est. reading time\" \/>\n\t<meta name=\"twitter:data1\" content=\"2 minutes\" \/>\n<script type=\"application\/ld+json\" class=\"yoast-schema-graph\">{\"@context\":\"https:\\\/\\\/schema.org\",\"@graph\":[{\"@type\":\"WebPage\",\"@id\":\"https:\\\/\\\/idcolor.ee\\\/lv\\\/produkts\\\/myhero-kolagena-aerosols\\\/\",\"url\":\"https:\\\/\\\/idcolor.ee\\\/lv\\\/produkts\\\/myhero-kolagena-aerosols\\\/\",\"name\":\"#MyHero kolag\u0113na aerosols - iD Color\",\"isPartOf\":{\"@id\":\"https:\\\/\\\/idcolor.ee\\\/lv\\\/#website\"},\"primaryImageOfPage\":{\"@id\":\"https:\\\/\\\/idcolor.ee\\\/lv\\\/produkts\\\/myhero-kolagena-aerosols\\\/#primaryimage\"},\"image\":{\"@id\":\"https:\\\/\\\/idcolor.ee\\\/lv\\\/produkts\\\/myhero-kolagena-aerosols\\\/#primaryimage\"},\"thumbnailUrl\":\"https:\\\/\\\/idcolor.ee\\\/wp-content\\\/uploads\\\/2023\\\/04\\\/MyHero_CollagenShield_Spray.jpg\",\"datePublished\":\"2023-04-27T08:30:21+00:00\",\"dateModified\":\"2023-07-27T13:28:30+00:00\",\"description\":\"Viegls, matos atst\u0101jams kondicionieris, kas paredz\u0113ts matu pasarg\u0101\u0161anai no meh\u0101niska boj\u0101juma un aizsardz\u012bbas pret karstumu. Ide\u0101li piem\u0113rots visiem matu tipiem.\",\"breadcrumb\":{\"@id\":\"https:\\\/\\\/idcolor.ee\\\/lv\\\/produkts\\\/myhero-kolagena-aerosols\\\/#breadcrumb\"},\"inLanguage\":\"lv-LV\",\"potentialAction\":[{\"@type\":\"ReadAction\",\"target\":[\"https:\\\/\\\/idcolor.ee\\\/lv\\\/produkts\\\/myhero-kolagena-aerosols\\\/\"]}]},{\"@type\":\"ImageObject\",\"inLanguage\":\"lv-LV\",\"@id\":\"https:\\\/\\\/idcolor.ee\\\/lv\\\/produkts\\\/myhero-kolagena-aerosols\\\/#primaryimage\",\"url\":\"https:\\\/\\\/idcolor.ee\\\/wp-content\\\/uploads\\\/2023\\\/04\\\/MyHero_CollagenShield_Spray.jpg\",\"contentUrl\":\"https:\\\/\\\/idcolor.ee\\\/wp-content\\\/uploads\\\/2023\\\/04\\\/MyHero_CollagenShield_Spray.jpg\",\"width\":1080,\"height\":1080},{\"@type\":\"BreadcrumbList\",\"@id\":\"https:\\\/\\\/idcolor.ee\\\/lv\\\/produkts\\\/myhero-kolagena-aerosols\\\/#breadcrumb\",\"itemListElement\":[{\"@type\":\"ListItem\",\"position\":1,\"name\":\"Home\",\"item\":\"https:\\\/\\\/idcolor.ee\\\/lv\\\/majas-lapa\\\/\"},{\"@type\":\"ListItem\",\"position\":2,\"name\":\"Shop\",\"item\":\"https:\\\/\\\/idcolor.ee\\\/lv\\\/shop-2\\\/\"},{\"@type\":\"ListItem\",\"position\":3,\"name\":\"#MyHero kolag\u0113na aerosols\"}]},{\"@type\":\"WebSite\",\"@id\":\"https:\\\/\\\/idcolor.ee\\\/lv\\\/#website\",\"url\":\"https:\\\/\\\/idcolor.ee\\\/lv\\\/\",\"name\":\"iD Color\",\"description\":\"Hair care products\",\"publisher\":{\"@id\":\"https:\\\/\\\/idcolor.ee\\\/lv\\\/#organization\"},\"potentialAction\":[{\"@type\":\"SearchAction\",\"target\":{\"@type\":\"EntryPoint\",\"urlTemplate\":\"https:\\\/\\\/idcolor.ee\\\/lv\\\/?s={search_term_string}\"},\"query-input\":{\"@type\":\"PropertyValueSpecification\",\"valueRequired\":true,\"valueName\":\"search_term_string\"}}],\"inLanguage\":\"lv-LV\"},{\"@type\":\"Organization\",\"@id\":\"https:\\\/\\\/idcolor.ee\\\/lv\\\/#organization\",\"name\":\"iD Color O\u00dc\",\"url\":\"https:\\\/\\\/idcolor.ee\\\/lv\\\/\",\"logo\":{\"@type\":\"ImageObject\",\"inLanguage\":\"lv-LV\",\"@id\":\"https:\\\/\\\/idcolor.ee\\\/lv\\\/#\\\/schema\\\/logo\\\/image\\\/\",\"url\":\"https:\\\/\\\/idcolor.ee\\\/wp-content\\\/uploads\\\/2022\\\/01\\\/IDColor_Logo_1000.png\",\"contentUrl\":\"https:\\\/\\\/idcolor.ee\\\/wp-content\\\/uploads\\\/2022\\\/01\\\/IDColor_Logo_1000.png\",\"width\":1001,\"height\":354,\"caption\":\"iD Color O\u00dc\"},\"image\":{\"@id\":\"https:\\\/\\\/idcolor.ee\\\/lv\\\/#\\\/schema\\\/logo\\\/image\\\/\"}}]}<\/script>\n<!-- \/ Yoast SEO plugin. -->","yoast_head_json":{"title":"#MyHero kolag\u0113na aerosols - iD Color","description":"Viegls, matos atst\u0101jams kondicionieris, kas paredz\u0113ts matu pasarg\u0101\u0161anai no meh\u0101niska boj\u0101juma un aizsardz\u012bbas pret karstumu. Ide\u0101li piem\u0113rots visiem matu tipiem.","robots":{"index":"index","follow":"follow","max-snippet":"max-snippet:-1","max-image-preview":"max-image-preview:large","max-video-preview":"max-video-preview:-1"},"canonical":"https:\/\/idcolor.ee\/lv\/produkts\/myhero-kolagena-aerosols\/","og_locale":"lv_LV","og_type":"article","og_title":"#MyHero kolag\u0113na aerosols - iD Color","og_description":"Viegls, matos atst\u0101jams kondicionieris, kas paredz\u0113ts matu pasarg\u0101\u0161anai no meh\u0101niska boj\u0101juma un aizsardz\u012bbas pret karstumu. Ide\u0101li piem\u0113rots visiem matu tipiem.","og_url":"https:\/\/idcolor.ee\/lv\/produkts\/myhero-kolagena-aerosols\/","og_site_name":"iD Color","article_modified_time":"2023-07-27T13:28:30+00:00","og_image":[{"width":1080,"height":1080,"url":"https:\/\/idcolor.ee\/wp-content\/uploads\/2023\/04\/MyHero_CollagenShield_Spray.jpg","type":"image\/jpeg"}],"twitter_card":"summary_large_image","twitter_misc":{"Est. reading time":"2 minutes"},"schema":{"@context":"https:\/\/schema.org","@graph":[{"@type":"WebPage","@id":"https:\/\/idcolor.ee\/lv\/produkts\/myhero-kolagena-aerosols\/","url":"https:\/\/idcolor.ee\/lv\/produkts\/myhero-kolagena-aerosols\/","name":"#MyHero kolag\u0113na aerosols - iD Color","isPartOf":{"@id":"https:\/\/idcolor.ee\/lv\/#website"},"primaryImageOfPage":{"@id":"https:\/\/idcolor.ee\/lv\/produkts\/myhero-kolagena-aerosols\/#primaryimage"},"image":{"@id":"https:\/\/idcolor.ee\/lv\/produkts\/myhero-kolagena-aerosols\/#primaryimage"},"thumbnailUrl":"https:\/\/idcolor.ee\/wp-content\/uploads\/2023\/04\/MyHero_CollagenShield_Spray.jpg","datePublished":"2023-04-27T08:30:21+00:00","dateModified":"2023-07-27T13:28:30+00:00","description":"Viegls, matos atst\u0101jams kondicionieris, kas paredz\u0113ts matu pasarg\u0101\u0161anai no meh\u0101niska boj\u0101juma un aizsardz\u012bbas pret karstumu. Ide\u0101li piem\u0113rots visiem matu tipiem.","breadcrumb":{"@id":"https:\/\/idcolor.ee\/lv\/produkts\/myhero-kolagena-aerosols\/#breadcrumb"},"inLanguage":"lv-LV","potentialAction":[{"@type":"ReadAction","target":["https:\/\/idcolor.ee\/lv\/produkts\/myhero-kolagena-aerosols\/"]}]},{"@type":"ImageObject","inLanguage":"lv-LV","@id":"https:\/\/idcolor.ee\/lv\/produkts\/myhero-kolagena-aerosols\/#primaryimage","url":"https:\/\/idcolor.ee\/wp-content\/uploads\/2023\/04\/MyHero_CollagenShield_Spray.jpg","contentUrl":"https:\/\/idcolor.ee\/wp-content\/uploads\/2023\/04\/MyHero_CollagenShield_Spray.jpg","width":1080,"height":1080},{"@type":"BreadcrumbList","@id":"https:\/\/idcolor.ee\/lv\/produkts\/myhero-kolagena-aerosols\/#breadcrumb","itemListElement":[{"@type":"ListItem","position":1,"name":"Home","item":"https:\/\/idcolor.ee\/lv\/majas-lapa\/"},{"@type":"ListItem","position":2,"name":"Shop","item":"https:\/\/idcolor.ee\/lv\/shop-2\/"},{"@type":"ListItem","position":3,"name":"#MyHero kolag\u0113na aerosols"}]},{"@type":"WebSite","@id":"https:\/\/idcolor.ee\/lv\/#website","url":"https:\/\/idcolor.ee\/lv\/","name":"iD Color","description":"Hair care products","publisher":{"@id":"https:\/\/idcolor.ee\/lv\/#organization"},"potentialAction":[{"@type":"SearchAction","target":{"@type":"EntryPoint","urlTemplate":"https:\/\/idcolor.ee\/lv\/?s={search_term_string}"},"query-input":{"@type":"PropertyValueSpecification","valueRequired":true,"valueName":"search_term_string"}}],"inLanguage":"lv-LV"},{"@type":"Organization","@id":"https:\/\/idcolor.ee\/lv\/#organization","name":"iD Color O\u00dc","url":"https:\/\/idcolor.ee\/lv\/","logo":{"@type":"ImageObject","inLanguage":"lv-LV","@id":"https:\/\/idcolor.ee\/lv\/#\/schema\/logo\/image\/","url":"https:\/\/idcolor.ee\/wp-content\/uploads\/2022\/01\/IDColor_Logo_1000.png","contentUrl":"https:\/\/idcolor.ee\/wp-content\/uploads\/2022\/01\/IDColor_Logo_1000.png","width":1001,"height":354,"caption":"iD Color O\u00dc"},"image":{"@id":"https:\/\/idcolor.ee\/lv\/#\/schema\/logo\/image\/"}}]}},"_links":{"self":[{"href":"https:\/\/idcolor.ee\/lv\/wp-json\/wp\/v2\/product\/6107","targetHints":{"allow":["GET"]}}],"collection":[{"href":"https:\/\/idcolor.ee\/lv\/wp-json\/wp\/v2\/product"}],"about":[{"href":"https:\/\/idcolor.ee\/lv\/wp-json\/wp\/v2\/types\/product"}],"wp:featuredmedia":[{"embeddable":true,"href":"https:\/\/idcolor.ee\/lv\/wp-json\/wp\/v2\/media\/6010"}],"wp:attachment":[{"href":"https:\/\/idcolor.ee\/lv\/wp-json\/wp\/v2\/media?parent=6107"}],"wp:term":[{"taxonomy":"product_brand","embeddable":true,"href":"https:\/\/idcolor.ee\/lv\/wp-json\/wp\/v2\/product_brand?post=6107"},{"taxonomy":"product_cat","embeddable":true,"href":"https:\/\/idcolor.ee\/lv\/wp-json\/wp\/v2\/product_cat?post=6107"},{"taxonomy":"product_tag","embeddable":true,"href":"https:\/\/idcolor.ee\/lv\/wp-json\/wp\/v2\/product_tag?post=6107"}],"curies":[{"name":"wp","href":"https:\/\/api.w.org\/{rel}","templated":true}]}}